{"id":3118,"date":"2021-05-27T11:48:12","date_gmt":"2021-05-27T09:48:12","guid":{"rendered":"https:\/\/www.zahnaerzte-am-augustaplatz.de\/impressum\/"},"modified":"2024-10-08T11:19:10","modified_gmt":"2024-10-08T09:19:10","slug":"legal-notice","status":"publish","type":"page","link":"https:\/\/www.zahnaerzte-am-augustaplatz.de\/en\/legal-notice\/","title":{"rendered":"Legal notice"},"content":{"rendered":"<div class=\"wpb-content-wrapper\"><p>[vc_row full_width=&#8221;stretch_row_content_no_spaces&#8221; el_class=&#8221;headerbild&#8221;][vc_column]<style type=\"text\/css\" data-type=\"the7_shortcodes-inline-css\">.shortcode-single-image-wrap.shortcode-single-image-2a6cce1dd66cbd329b74a82390db299a.enable-bg-rollover .rollover i,\n.shortcode-single-image-wrap.shortcode-single-image-2a6cce1dd66cbd329b74a82390db299a.enable-bg-rollover .rollover-video i {\n  background: -webkit-linear-gradient();\n  background: linear-gradient();\n}\n.shortcode-single-image-wrap.shortcode-single-image-2a6cce1dd66cbd329b74a82390db299a .rollover-icon {\n  font-size: 32px;\n  color: #ffffff;\n  min-width: 44px;\n  min-height: 44px;\n  line-height: 44px;\n  border-radius: 100px;\n  border-style: solid;\n  border-width: 0px;\n}\n.dt-icon-bg-on.shortcode-single-image-wrap.shortcode-single-image-2a6cce1dd66cbd329b74a82390db299a .rollover-icon {\n  background: rgba(255,255,255,0.3);\n  box-shadow: none;\n}<\/style><div class=\"shortcode-single-image-wrap shortcode-single-image-2a6cce1dd66cbd329b74a82390db299a alignnone  enable-bg-rollover dt-icon-bg-off\" style=\"margin-top:0px; margin-bottom:0px; margin-left:0px; margin-right:0px;\"><div class=\"shortcode-single-image\"><div class=\"fancy-media-wrap  layzr-bg\" style=\"\"><img fetchpriority=\"high\" decoding=\"async\" class=\"preload-me lazy-load aspect\" src=\"data:image\/svg+xml,%3Csvg%20xmlns%3D&#39;http%3A%2F%2Fwww.w3.org%2F2000%2Fsvg&#39;%20viewBox%3D&#39;0%200%201920%20728&#39;%2F%3E\" data-src=\"https:\/\/www.zahnaerzte-am-augustaplatz.de\/wp-content\/uploads\/sites\/3\/2021\/06\/Zahnaerzte_am_Augustaplatz_Impressum_Datenschutz.jpg\" data-srcset=\"https:\/\/www.zahnaerzte-am-augustaplatz.de\/wp-content\/uploads\/sites\/3\/2021\/06\/Zahnaerzte_am_Augustaplatz_Impressum_Datenschutz.jpg 1920w\" loading=\"eager\" sizes=\"(max-width: 1920px) 100vw, 1920px\" width=\"1920\" height=\"728\"  data-dt-location=\"https:\/\/www.zahnaerzte-am-augustaplatz.de\/en\/impressum\/zahnaerzte_am_augustaplatz_impressum_datenschutz\/\" style=\"--ratio: 1920 \/ 728;\" alt=\"Zahnaerzte_am_Augustaplatz_Impressum_Datenschutz\" \/><\/div><\/div><\/div>[\/vc_column][\/vc_row][vc_row][vc_column]<h1 class=\"h1\" style=\"text-align: center;\">Legal notice<\/h1>[vc_column_text css=&#8221;&#8221;]zMVZ<br \/>\nDr med. dent. Michael Kratschmayr<br \/>\nDr med. dent. Zeynep Cerman<br \/>\nDentists<\/p>\n<p>Registered partnership:<br \/>\nLichtentaler Stra\u00dfe 35<br \/>\nD-76530 Baden-Baden<\/p>\n<p>Secondary place of operation:<br \/>\nHauptstrasse 213<br \/>\nD-77866 Rheinau<\/p>\n<p>Hauptstra\u00dfe 66<br \/>\nD-77736 Zell am Harmersbach<\/p>\n<p>Partnership registered with the District Court of Mannheim,<br \/>\nPartnership number: PR 700449<\/p>\n<p>Authorised representative partners: Dr Michael Kratschmayr and Dr Zeynep Cerman<\/p>\n<p>&nbsp;<\/p>\n<h2>Contact<\/h2>\n<p>Principal place of operation:<br \/>\nLichtentaler Stra\u00dfe 35<br \/>\nD-76530 Baden-Baden<\/p>\n<p>Telephone: <a href=\"tel:+4972219709470\">+49 (0)7221 \/ 970 947 0<\/a><br \/>\nFax: +49 (0)7221 \/ 970 947 11<br \/>\nEmail: <a href=\"mailto:info@zahnaerzte-am-augustaplatz.de\">info@zahnaerzte-am-augustaplatz.de<\/a><\/p>\n<p>&nbsp;<\/p>\n<p>Secondary place of operation:<br \/>\nHauptstra\u00dfe 213<br \/>\nD-77866 Rheinau<\/p>\n<p>Phone: <a href=\"tel:+4978448894000\">+49 (0) 7844 \/ 889 400 0<\/a><br \/>\nFax: +49 (0) 7844 \/ 889 400 1<br \/>\nEmail: <a href=\"mailto:info@zahnaerzte-im-hofgut.de\">info@zahnaerzte-im-hofgut.de<\/a><\/p>\n<p>&nbsp;<\/p>\n<p>Secondary place of operation:<br \/>\nHauptstra\u00dfe 66<br \/>\nD-77736 Zell am Harmersbach<\/p>\n<p>Phone: +49 (0) 7835 \/ 9803800<br \/>\nEmail: <a href=\"mailto:info@zahnaerzte-im-doerfle.de\">info@zahnaerzte-im-doerfle.de<\/a><\/p>\n<p>&nbsp;<\/p>\n<h2>Professional title and awarding body for the partners working in the dental practice<\/h2>\n<p>Dr med. dent. Michael Kratschmayr: Dentist, title awarded in the Federal Republic of Germany<br \/>\nDr med. dent. Zeynep Cerman: Dentist, title awarded in the Federal Republic of Germany<\/p>\n<p>&nbsp;<\/p>\n<h2>Responsible regulatory authority<\/h2>\n<p>KZV-bezirks\u00fcbergreifende Berufsaus\u00fcbungsgemeinschaft (supraregional professional association of statutory health insurance dentists)<\/p>\n<p>Baden-W\u00fcrttemberg Association of Statutory Health Insurance Physicians [Kassen\u00e4rztliche Vereinigung Baden-W\u00fcrttemberg]<\/p>\n<p>\u2013 corporation under public law \u2013<br \/>\nAlbstadtweg 9<br \/>\nD-70567 Stuttgart<\/p>\n<p>Telephone: <a href=\"tel:+4971178770\">+49 (0) 711 7877-0<\/a><br \/>\nFax: +49 (0)711 7877-264<br \/>\n<a href=\"mailto:info@kzvbw.de\">info@kzvbw.de<\/a><br \/>\n<a href=\"https:\/\/www.kzvbw.de\">https:\/\/www.kzvbw.de<\/a><\/p>\n<p>&nbsp;<\/p>\n<p>Location of practice in Baden-Baden:<br \/>\nBaden-W\u00fcrttemberg Association of Statutory Health Insurance Physicians [Kassen\u00e4rztliche Vereinigung Baden-W\u00fcrttemberg]<br \/>\nKarlsruhe regional office<br \/>\nJoseph-Meyer-Strasse 8\u201310<br \/>\nD-68167 Mannheim<\/p>\n<p>Telephone: <a href=\"tel:+49621380000\">(0621) 38 000 \u2013 0<\/a><br \/>\nFax: (0621) 38 000 \u2013 100<br \/>\nEmail: <a href=\"mailto:bd-karlsruhe@kzvbw.de\">bd-karlsruhe@kzvbw.de<\/a><br \/>\n<a href=\"https:\/\/www.kzvbw.de\">https:\/\/www.kzvbw.de<\/a><\/p>\n<p>&nbsp;<\/p>\n<p>Location of practice in Rheinau:<br \/>\nBaden-W\u00fcrttemberg Association of Statutory Health Insurance Physicians [Kassen\u00e4rztliche Vereinigung Baden-W\u00fcrttemberg]<br \/>\nFreiburg regional office<br \/>\nMerzhauser Stra\u00dfe 114-116<br \/>\nD-79100 Freiburg<\/p>\n<p>Telephone: +49 (0)761 4506-0<br \/>\nFax: +49 (0)761 4506-400<br \/>\nEmail: <a href=\"mailto:bd-freiburg@kzvbw.de\">bd-freiburg@kzvbw.de<\/a><br \/>\n<a href=\"https:\/\/www.kzvbw.de\">https:\/\/www.kzvbw.de<\/a><\/p>\n<p>&nbsp;<\/p>\n<p>Location of practice in Zell am Harmersbach:<br \/>\nKassenzahn\u00e4rztliche Vereinigung Baden-W\u00fcrttemberg<br \/>\nBezirksdirektion Karlsruhe<br \/>\nJoseph-Meyer-Stra\u00dfe 8-10<br \/>\nD-68167 Mannheim<\/p>\n<p>Phone: +49 (0) 621 38 000 \u2013 0<br \/>\nFax: (0621) 38 000 \u2013 100<br \/>\nEmail: <a href=\"mailto:bd-karlsruhe@kzvbw.de\">bd-karlsruhe@kzvbw.de<\/a><br \/>\n<a href=\"https:\/\/www.kzvbw.de\">https:\/\/www.kzvbw.de<\/a><\/p>\n<p>&nbsp;<\/p>\n<h2>Responsible Chamber of Dentists<\/h2>\n<p>Dr med. dent. Michael Kratschmayr and Dr med. dent. Zeynep Cerman are members of:<\/p>\n<p>Karlsruhe Chamber of Dentists [Bezirkszahn\u00e4rztekammer Karlsruhe]<br \/>\nJoseph-Meyer-Stra\u00dfe 8-10<br \/>\nD-68167 Mannheim<\/p>\n<p>Telephone: +49 (0)6 21 3 80 00-0<br \/>\nFax: +49 (0)6 21 3 80 00-1 70<br \/>\nEmail: <a href=\"mailto:zentrale@bzk-karlsruhe.de\">zentrale@bzk-karlsruhe.de<\/a><br \/>\n<a href=\"https:\/\/lzk-bw.de\/die-kammer\/bezirkszahnaerztekammern\/karlsruhe\">https:\/\/lzk-bw.de\/die-kammer\/bezirkszahnaerztekammern\/karlsruhe<\/a><\/p>\n<p>&nbsp;<\/p>\n<p>Freiburg Chamber of Dentists [Bezirkszahn\u00e4rztekammer Freiburg]<br \/>\nMerzhauser Str. 114 \u2013 116<br \/>\nD-79100 Freiburg<\/p>\n<p>Telephone: +49 (0)761 4506-0<br \/>\nFax: +49 (0)7 61 45 06 &#8211; 4 00<br \/>\nEmail: <a href=\"mailto:info@bzk-freiburg.de\">info(@)bzk-freiburg.de<\/a><br \/>\n<a href=\"https:\/\/lzk-bw.de\/die-kammer\/bezirkszahnaerztekammern\/freiburg\">https:\/\/lzk-bw.de\/die-kammer\/bezirkszahnaerztekammern\/freiburg<\/a><\/p>\n<p>&nbsp;<\/p>\n<h2>Responsible licensing authority<\/h2>\n<p>Stuttgart regional council [Regierungspr\u00e4sidium Stuttgart]<br \/>\nRuppmannstr. 21<br \/>\nD-70565 Stuttgart Referat 95<\/p>\n<p><a href=\"https:\/\/rp.baden-wuerttemberg.de\/rps\/abt9\/ref95\/\">https:\/\/rp.baden-wuerttemberg.de\/rps\/abt9\/ref95\/<\/a><\/p>\n<p>&nbsp;<\/p>\n<h2>Professional regulations<\/h2>\n<p>Book five of the Social Security Statute (SGB V)<br \/>\n<a href=\"https:\/\/www.gesetze-im-internet.de\/sgb_5\/\">https:\/\/www.gesetze-im-internet.de\/sgb_5\/<\/a><\/p>\n<p>Authorisation ordinance for panel dentists (Zahn\u00e4rzte-ZV)<br \/>\n<a href=\"https:\/\/www.gesetze-im-internet.de\/zo-zahn_rzte\/BJNR005820957.html\">https:\/\/www.gesetze-im-internet.de\/zo-zahn_rzte\/BJNR005820957.html<\/a><\/p>\n<p>Act on the Practice of Dentistry (ZHG)<br \/>\n<a href=\"https:\/\/www.gesetze-im-internet.de\/zhg\/BJNR002210952.html\">https:\/\/www.gesetze-im-internet.de\/zhg\/BJNR002210952.html<\/a><\/p>\n<p>Annex to the Act on the Practice of Dentistry (ZHG)<br \/>\n<a href=\"https:\/\/www.gesetze-im-internet.de\/zhg\/anlage.html\">https:\/\/www.gesetze-im-internet.de\/zhg\/anlage.html<\/a><\/p>\n<p>Licensing regulations for practicing dentistry (ZApprO)<br \/>\n<a href=\"https:\/\/www.gesetze-im-internet.de\/zappro\/BJNR093310019.html\">https:\/\/www.gesetze-im-internet.de\/zappro\/BJNR093310019.html<\/a><\/p>\n<p>Dental fee schedule (GOZ)<br \/>\n<a href=\"https:\/\/www.bzaek.de\/goz\/gebuehrenordnung-fuer-zahnaerzte-goz.html\">https:\/\/www.bzaek.de\/goz\/gebuehrenordnung-fuer-zahnaerzte-goz.html<\/a><\/p>\n<p>Law on Advertising in the Field of Healthcare (HWG) (Heilmittelwerbegesetz &#8211; HWG)<br \/>\n<a href=\"https:\/\/www.gesetze-im-internet.de\/heilmwerbg\/BJNR006049965.html\">https:\/\/www.gesetze-im-internet.de\/heilmwerbg\/BJNR006049965.html<\/a><\/p>\n<p>State-specific regulations (Baden-W\u00fcrttemberg):<\/p>\n<p>Baden-W\u00fcrttemberg State Chamber of Dentists professional code of conduct for dentists<br \/>\n<a href=\"https:\/\/lzk-bw.de\/patienten\/gesetzliche-regelungen-zur-zahnaerztlichen-berufsausuebung\">https:\/\/lzk-bw.de\/patienten\/gesetzliche-regelungen-zur-zahnaerztlichen-berufsausuebung<\/a><\/p>\n<p>Chamber law for medical professions as applies to Baden-W\u00fcrttemberg<br \/>\n<a href=\"https:\/\/lzk-bw.de\/patienten\/gesetzliche-regelungen-zur-zahnaerztlichen-berufsausuebung\">https:\/\/lzk-bw.de\/patienten\/gesetzliche-regelungen-zur-zahnaerztlichen-berufsausuebung<\/a><\/p>\n<p>&nbsp;<\/p>\n<h2>Professional liability insurance<\/h2>\n<p>W\u00fcrttembergische Versicherung AG<br \/>\nGutenbergstra\u00dfe 30<br \/>\nD-70176 Stuttgart, Germany<br \/>\nTerritorial scope: domestic<\/p>\n<p>&nbsp;<\/p>\n<h2>Person responsible for content<\/h2>\n<p>Person responsible for content pursuant to \u00a7 18(2) of the German Interstate Media Treaty (MStV): Dr med. dent. Zeynep Cerman<br \/>\nLichtentaler Strasse 35, D-76530 Baden-Baden<\/p>\n<p>&nbsp;<\/p>\n<h2>EU dispute resolution<\/h2>\n<p>The European Commission provides an Online Dispute Resolution (ODR) platform:<br \/>\n<a href=\"https:\/\/ec.europa.eu\/consumers\/odr\/.\">https:\/\/ec.europa.eu\/consumers\/odr\/.<\/a><br \/>\nYou can find our email address in the legal notice above.<\/p>\n<p>&nbsp;<\/p>\n<h2>Dispute resolution<\/h2>\n<p><strong>a) Consumer dispute resolution pursuant to \u00a7\u00a7 36, 37 Act on Alternative Dispute Resolution in Consumer Matters (VBSG)<\/strong><\/p>\n<p>We are neither prepared nor obliged to participate in a dispute resolution procedure before a consumer conciliation body pursuant to the Act on Alternative Dispute Resolution in Consumer Matters.<\/p>\n<p><strong>b) Duty to provide information pursuant to \u00a7 37 VSBG:<\/strong><\/p>\n<p>The federal universal arbitration board, Zentrum f\u00fcr Schlichtung e.V., Stra\u00dfburger Stra\u00dfe 8, 77694 Kehl am Rhein, www.verbraucher-schlichter.de, would be responsible. However, we are not willing or obliged to participate in dispute resolution proceedings before this consumer arbitration board.<\/p>\n<p><strong>c) Voluntary dispute resolution before the Chamber of Dentists<\/strong><\/p>\n<p>Should disputes arise from the treatment relationship with our practice, it is possible to resort to an extrajudicial dispute resolution procedure. To do this, please contact the Baden-W\u00fcrttemberg State Chamber of Dentists.<br \/>\nAlbstadtweg 9<br \/>\nD-70567 Stuttgart<br \/>\nTelephone: +49 (0)711 22845-0<br \/>\nFax: +49 (0)711 22845-40<br \/>\nEmail: <a href=\"mailto:info@lzk-bw.de\">info(@)lzk-bw.de<\/a><\/p>\n<p>&nbsp;<\/p>\n<h2>Website Implementation<\/h2>\n<p>pixelpublic GmbH \u2014 agency for digital evolution<br \/>\n<a href=\"https:\/\/www.pixelpublic.de\/\" target=\"_blank\" rel=\"noopener noreferrer\"><img decoding=\"async\" class=\"alignnone wp-image-586 \" src=\"https:\/\/www.zahnaerzte-am-augustaplatz.de\/wp-content\/uploads\/2018\/07\/pixelpublic-black-300x58.png?_t=1532701521\" alt=\"\" width=\"253\" height=\"49\" \/><\/a><\/p>\n<p>&nbsp;<\/p>\n<h2>Image credits<\/h2>\n<p><strong>Cute Funny Beaver Character in Different Actions Vector Set<\/strong><br \/>\nStock-Image-ID: 310153043<br \/>\n&#8220;Happypictures \u2013 <a href=\"https:\/\/stock.adobe.com\/de\/images\/cute-funny-beaver-character-in-different-actions-vector-set\/310153043?\">stock.adobe.com<\/a>&#8221;<\/p>\n<p><strong>Amalgam restoration. Medically accurate 3D animation of dental concept<\/strong><br \/>\nStock-Image-ID: 389578712<br \/>\n&#8220;Alexandr Mitiuc \u2013 <a href=\"https:\/\/stock.adobe.com\/de\/images\/amalgam-restoration-medically-accurate-3d-animation-of-dental-concept\/389578712\">stock.adobe.com<\/a>&#8221;<\/p>\n<p><strong>selective focus of cheerful kid holding toothpaste and toothbrush near mother<\/strong><br \/>\nStock-Image-ID: 307622591<br \/>\n&#8221;\u00a0LIGHTFIELD STUDIOS \u2013 <a href=\"https:\/\/stock.adobe.com\/de\/images\/selective-focus-of-cheerful-kid-holding-toothpaste-and-toothbrush-near-mother\/307622591\">stock.adobe.com<\/a>&#8221;<\/p>\n<p><strong>Man snoring and his wife covering ears<\/strong><br \/>\nStock-Image-ID: 119605372<br \/>\n&#8221; Antonioguillem \u2013 <a href=\"https:\/\/stock.adobe.com\/de\/images\/man-snoring-and-his-wife-covering-ears\/119605372\">stock.adobe.com<\/a>&#8221;<\/p>\n<p><strong>finished dental implant in the CEREC dental milling machine in the doctor&#8217;s office<\/strong><br \/>\nStock-Image-ID: 284783991<br \/>\n&#8220;Dmitry&#8221; \u2013 <a href=\"https:\/\/stock.adobe.com\/de\/images\/finished-dental-implant-in-the-cerec-dental-milling-machine-in-the-doctor-s-office\/284783991\">stock.adobe.com<\/a>&#8221;<\/p>\n<p><strong>The concept of dental treatment.<\/strong><br \/>\nStock-Image-ID: 281104117<br \/>\n&#8220;natali_mis&#8221; \u2013 <a href=\"https:\/\/stock.adobe.com\/de\/images\/the-concept-of-dental-treatment\/281104117\">stock.adobe.com<\/a>&#8221;<\/p>\n<p><strong>Adorable little girl resting in a hospital bed with her teddy bear. Selective focus at her left eye.<\/strong><br \/>\nStock-Image-ID: 230765116<br \/>\n&#8220;Nattanon&#8221; \u2013 <a href=\"https:\/\/stock.adobe.com\/de\/images\/adorable-little-girl-resting-in-a-hospital-bed-with-her-teddy-bear-selective-focus-at-her-left-eye\/230765116?asset_id=230765116\" target=\"_blank\" rel=\"noopener\">stock.adobe.com<\/a>&#8220;[\/vc_column_text][\/vc_column][\/vc_row]<\/p>\n<\/div>","protected":false},"excerpt":{"rendered":"<p>[vc_row full_width=&#8221;stretch_row_content_no_spaces&#8221; el_class=&#8221;headerbild&#8221;][vc_column][\/vc_column][\/vc_row][vc_row][vc_column][vc_column_text css=&#8221;&#8221;]zMVZ Dr med. dent. Michael Kratschmayr Dr med. dent. Zeynep Cerman Dentists Registered partnership: Lichtentaler Stra\u00dfe 35 D-76530 Baden-Baden Secondary place of operation: Hauptstrasse 213 D-77866 Rheinau Hauptstra\u00dfe 66 D-77736 Zell am Harmersbach Partnership registered with the District Court of Mannheim, Partnership number: PR 700449 Authorised representative partners: Dr Michael Kratschmayr and&hellip;<\/p>\n","protected":false},"author":13,"featured_media":0,"parent":0,"menu_order":999,"comment_status":"closed","ping_status":"closed","template":"","meta":{"footnotes":""},"class_list":["post-3118","page","type-page","status-publish","hentry","description-off"],"yoast_head":"<!-- This site is optimized with the Yoast SEO plugin v27.4 - https:\/\/yoast.com\/product\/yoast-seo-wordpress\/ -->\n<title>Legal notice - Zahn\u00e4rzte am Augustaplatz<\/title>\n<meta name=\"description\" content=\"Zahn\u00e4rzte am Augustaplatz. Lichtentaler Strasse 35 76530 Baden-Baden. Registered in the partnership register of the Mannheim District Court, ...\" \/>\n<meta name=\"robots\" content=\"noindex, nofollow\" \/>\n<meta property=\"og:locale\" content=\"en_US\" \/>\n<meta property=\"og:type\" content=\"article\" \/>\n<meta property=\"og:title\" content=\"Legal notice - Zahn\u00e4rzte am Augustaplatz\" \/>\n<meta property=\"og:description\" content=\"Zahn\u00e4rzte am Augustaplatz. Lichtentaler Strasse 35 76530 Baden-Baden. Registered in the partnership register of the Mannheim District Court, ...\" \/>\n<meta property=\"og:url\" content=\"https:\/\/www.zahnaerzte-am-augustaplatz.de\/en\/legal-notice\/\" \/>\n<meta property=\"og:site_name\" content=\"Zahn\u00e4rzte am Augustaplatz\" \/>\n<meta property=\"article:publisher\" content=\"https:\/\/de-de.facebook.com\/zahnarztbadenbaden\/\" \/>\n<meta property=\"article:modified_time\" content=\"2024-10-08T09:19:10+00:00\" \/>\n<meta property=\"og:image\" content=\"https:\/\/www.zahnaerzte-am-augustaplatz.de\/wp-content\/uploads\/2018\/07\/pixelpublic-black-300x58.png?_t=1532701521\" \/>\n<meta name=\"twitter:card\" content=\"summary_large_image\" \/>\n<meta name=\"twitter:label1\" content=\"Est. reading time\" \/>\n\t<meta name=\"twitter:data1\" content=\"5 minutes\" \/>\n<script type=\"application\/ld+json\" class=\"yoast-schema-graph\">{\"@context\":\"https:\\\/\\\/schema.org\",\"@graph\":[{\"@type\":\"WebPage\",\"@id\":\"https:\\\/\\\/www.zahnaerzte-am-augustaplatz.de\\\/en\\\/legal-notice\\\/\",\"url\":\"https:\\\/\\\/www.zahnaerzte-am-augustaplatz.de\\\/en\\\/legal-notice\\\/\",\"name\":\"Legal notice - Zahn\u00e4rzte am Augustaplatz\",\"isPartOf\":{\"@id\":\"https:\\\/\\\/www.zahnaerzte-am-augustaplatz.de\\\/en\\\/#website\"},\"primaryImageOfPage\":{\"@id\":\"https:\\\/\\\/www.zahnaerzte-am-augustaplatz.de\\\/en\\\/legal-notice\\\/#primaryimage\"},\"image\":{\"@id\":\"https:\\\/\\\/www.zahnaerzte-am-augustaplatz.de\\\/en\\\/legal-notice\\\/#primaryimage\"},\"thumbnailUrl\":\"https:\\\/\\\/www.zahnaerzte-am-augustaplatz.de\\\/wp-content\\\/uploads\\\/2018\\\/07\\\/pixelpublic-black-300x58.png?_t=1532701521\",\"datePublished\":\"2021-05-27T09:48:12+00:00\",\"dateModified\":\"2024-10-08T09:19:10+00:00\",\"description\":\"Zahn\u00e4rzte am Augustaplatz. Lichtentaler Strasse 35 76530 Baden-Baden. Registered in the partnership register of the Mannheim District Court, ...\",\"breadcrumb\":{\"@id\":\"https:\\\/\\\/www.zahnaerzte-am-augustaplatz.de\\\/en\\\/legal-notice\\\/#breadcrumb\"},\"inLanguage\":\"en-US\",\"potentialAction\":[{\"@type\":\"ReadAction\",\"target\":[\"https:\\\/\\\/www.zahnaerzte-am-augustaplatz.de\\\/en\\\/legal-notice\\\/\"]}]},{\"@type\":\"ImageObject\",\"inLanguage\":\"en-US\",\"@id\":\"https:\\\/\\\/www.zahnaerzte-am-augustaplatz.de\\\/en\\\/legal-notice\\\/#primaryimage\",\"url\":\"https:\\\/\\\/www.zahnaerzte-am-augustaplatz.de\\\/wp-content\\\/uploads\\\/2018\\\/07\\\/pixelpublic-black-300x58.png?_t=1532701521\",\"contentUrl\":\"https:\\\/\\\/www.zahnaerzte-am-augustaplatz.de\\\/wp-content\\\/uploads\\\/2018\\\/07\\\/pixelpublic-black-300x58.png?_t=1532701521\"},{\"@type\":\"BreadcrumbList\",\"@id\":\"https:\\\/\\\/www.zahnaerzte-am-augustaplatz.de\\\/en\\\/legal-notice\\\/#breadcrumb\",\"itemListElement\":[{\"@type\":\"ListItem\",\"position\":1,\"name\":\"Startseite\",\"item\":\"https:\\\/\\\/www.zahnaerzte-am-augustaplatz.de\\\/en\\\/\"},{\"@type\":\"ListItem\",\"position\":2,\"name\":\"Legal notice\"}]},{\"@type\":\"WebSite\",\"@id\":\"https:\\\/\\\/www.zahnaerzte-am-augustaplatz.de\\\/en\\\/#website\",\"url\":\"https:\\\/\\\/www.zahnaerzte-am-augustaplatz.de\\\/en\\\/\",\"name\":\"Zahn\u00e4rzte am Augustaplatz\",\"description\":\"\",\"publisher\":{\"@id\":\"https:\\\/\\\/www.zahnaerzte-am-augustaplatz.de\\\/en\\\/#organization\"},\"potentialAction\":[{\"@type\":\"SearchAction\",\"target\":{\"@type\":\"EntryPoint\",\"urlTemplate\":\"https:\\\/\\\/www.zahnaerzte-am-augustaplatz.de\\\/en\\\/?s={search_term_string}\"},\"query-input\":{\"@type\":\"PropertyValueSpecification\",\"valueRequired\":true,\"valueName\":\"search_term_string\"}}],\"inLanguage\":\"en-US\"},{\"@type\":\"Organization\",\"@id\":\"https:\\\/\\\/www.zahnaerzte-am-augustaplatz.de\\\/en\\\/#organization\",\"name\":\"Zahn\u00e4rzte am Augustaplatz\",\"url\":\"https:\\\/\\\/www.zahnaerzte-am-augustaplatz.de\\\/en\\\/\",\"logo\":{\"@type\":\"ImageObject\",\"inLanguage\":\"en-US\",\"@id\":\"https:\\\/\\\/www.zahnaerzte-am-augustaplatz.de\\\/en\\\/#\\\/schema\\\/logo\\\/image\\\/\",\"url\":\"https:\\\/\\\/www.zahnaerzte-am-augustaplatz.de\\\/wp-content\\\/uploads\\\/sites\\\/3\\\/2021\\\/07\\\/ZAAopengraph_image.jpg\",\"contentUrl\":\"https:\\\/\\\/www.zahnaerzte-am-augustaplatz.de\\\/wp-content\\\/uploads\\\/sites\\\/3\\\/2021\\\/07\\\/ZAAopengraph_image.jpg\",\"width\":1200,\"height\":630,\"caption\":\"Zahn\u00e4rzte am Augustaplatz\"},\"image\":{\"@id\":\"https:\\\/\\\/www.zahnaerzte-am-augustaplatz.de\\\/en\\\/#\\\/schema\\\/logo\\\/image\\\/\"},\"sameAs\":[\"https:\\\/\\\/de-de.facebook.com\\\/zahnarztbadenbaden\\\/\"]}]}<\/script>\n<!-- \/ Yoast SEO plugin. -->","yoast_head_json":{"title":"Legal notice - Zahn\u00e4rzte am Augustaplatz","description":"Zahn\u00e4rzte am Augustaplatz. Lichtentaler Strasse 35 76530 Baden-Baden. Registered in the partnership register of the Mannheim District Court, ...","robots":{"index":"noindex","follow":"nofollow"},"og_locale":"en_US","og_type":"article","og_title":"Legal notice - Zahn\u00e4rzte am Augustaplatz","og_description":"Zahn\u00e4rzte am Augustaplatz. Lichtentaler Strasse 35 76530 Baden-Baden. Registered in the partnership register of the Mannheim District Court, ...","og_url":"https:\/\/www.zahnaerzte-am-augustaplatz.de\/en\/legal-notice\/","og_site_name":"Zahn\u00e4rzte am Augustaplatz","article_publisher":"https:\/\/de-de.facebook.com\/zahnarztbadenbaden\/","article_modified_time":"2024-10-08T09:19:10+00:00","og_image":[{"url":"https:\/\/www.zahnaerzte-am-augustaplatz.de\/wp-content\/uploads\/2018\/07\/pixelpublic-black-300x58.png?_t=1532701521","type":"","width":"","height":""}],"twitter_card":"summary_large_image","twitter_misc":{"Est. reading time":"5 minutes"},"schema":{"@context":"https:\/\/schema.org","@graph":[{"@type":"WebPage","@id":"https:\/\/www.zahnaerzte-am-augustaplatz.de\/en\/legal-notice\/","url":"https:\/\/www.zahnaerzte-am-augustaplatz.de\/en\/legal-notice\/","name":"Legal notice - Zahn\u00e4rzte am Augustaplatz","isPartOf":{"@id":"https:\/\/www.zahnaerzte-am-augustaplatz.de\/en\/#website"},"primaryImageOfPage":{"@id":"https:\/\/www.zahnaerzte-am-augustaplatz.de\/en\/legal-notice\/#primaryimage"},"image":{"@id":"https:\/\/www.zahnaerzte-am-augustaplatz.de\/en\/legal-notice\/#primaryimage"},"thumbnailUrl":"https:\/\/www.zahnaerzte-am-augustaplatz.de\/wp-content\/uploads\/2018\/07\/pixelpublic-black-300x58.png?_t=1532701521","datePublished":"2021-05-27T09:48:12+00:00","dateModified":"2024-10-08T09:19:10+00:00","description":"Zahn\u00e4rzte am Augustaplatz. Lichtentaler Strasse 35 76530 Baden-Baden. Registered in the partnership register of the Mannheim District Court, ...","breadcrumb":{"@id":"https:\/\/www.zahnaerzte-am-augustaplatz.de\/en\/legal-notice\/#breadcrumb"},"inLanguage":"en-US","potentialAction":[{"@type":"ReadAction","target":["https:\/\/www.zahnaerzte-am-augustaplatz.de\/en\/legal-notice\/"]}]},{"@type":"ImageObject","inLanguage":"en-US","@id":"https:\/\/www.zahnaerzte-am-augustaplatz.de\/en\/legal-notice\/#primaryimage","url":"https:\/\/www.zahnaerzte-am-augustaplatz.de\/wp-content\/uploads\/2018\/07\/pixelpublic-black-300x58.png?_t=1532701521","contentUrl":"https:\/\/www.zahnaerzte-am-augustaplatz.de\/wp-content\/uploads\/2018\/07\/pixelpublic-black-300x58.png?_t=1532701521"},{"@type":"BreadcrumbList","@id":"https:\/\/www.zahnaerzte-am-augustaplatz.de\/en\/legal-notice\/#breadcrumb","itemListElement":[{"@type":"ListItem","position":1,"name":"Startseite","item":"https:\/\/www.zahnaerzte-am-augustaplatz.de\/en\/"},{"@type":"ListItem","position":2,"name":"Legal notice"}]},{"@type":"WebSite","@id":"https:\/\/www.zahnaerzte-am-augustaplatz.de\/en\/#website","url":"https:\/\/www.zahnaerzte-am-augustaplatz.de\/en\/","name":"Zahn\u00e4rzte am Augustaplatz","description":"","publisher":{"@id":"https:\/\/www.zahnaerzte-am-augustaplatz.de\/en\/#organization"},"potentialAction":[{"@type":"SearchAction","target":{"@type":"EntryPoint","urlTemplate":"https:\/\/www.zahnaerzte-am-augustaplatz.de\/en\/?s={search_term_string}"},"query-input":{"@type":"PropertyValueSpecification","valueRequired":true,"valueName":"search_term_string"}}],"inLanguage":"en-US"},{"@type":"Organization","@id":"https:\/\/www.zahnaerzte-am-augustaplatz.de\/en\/#organization","name":"Zahn\u00e4rzte am Augustaplatz","url":"https:\/\/www.zahnaerzte-am-augustaplatz.de\/en\/","logo":{"@type":"ImageObject","inLanguage":"en-US","@id":"https:\/\/www.zahnaerzte-am-augustaplatz.de\/en\/#\/schema\/logo\/image\/","url":"https:\/\/www.zahnaerzte-am-augustaplatz.de\/wp-content\/uploads\/sites\/3\/2021\/07\/ZAAopengraph_image.jpg","contentUrl":"https:\/\/www.zahnaerzte-am-augustaplatz.de\/wp-content\/uploads\/sites\/3\/2021\/07\/ZAAopengraph_image.jpg","width":1200,"height":630,"caption":"Zahn\u00e4rzte am Augustaplatz"},"image":{"@id":"https:\/\/www.zahnaerzte-am-augustaplatz.de\/en\/#\/schema\/logo\/image\/"},"sameAs":["https:\/\/de-de.facebook.com\/zahnarztbadenbaden\/"]}]}},"_links":{"self":[{"href":"https:\/\/www.zahnaerzte-am-augustaplatz.de\/en\/wp-json\/wp\/v2\/pages\/3118","targetHints":{"allow":["GET"]}}],"collection":[{"href":"https:\/\/www.zahnaerzte-am-augustaplatz.de\/en\/wp-json\/wp\/v2\/pages"}],"about":[{"href":"https:\/\/www.zahnaerzte-am-augustaplatz.de\/en\/wp-json\/wp\/v2\/types\/page"}],"author":[{"embeddable":true,"href":"https:\/\/www.zahnaerzte-am-augustaplatz.de\/en\/wp-json\/wp\/v2\/users\/13"}],"replies":[{"embeddable":true,"href":"https:\/\/www.zahnaerzte-am-augustaplatz.de\/en\/wp-json\/wp\/v2\/comments?post=3118"}],"version-history":[{"count":0,"href":"https:\/\/www.zahnaerzte-am-augustaplatz.de\/en\/wp-json\/wp\/v2\/pages\/3118\/revisions"}],"wp:attachment":[{"href":"https:\/\/www.zahnaerzte-am-augustaplatz.de\/en\/wp-json\/wp\/v2\/media?parent=3118"}],"curies":[{"name":"wp","href":"https:\/\/api.w.org\/{rel}","templated":true}]}}